{"id":364,"date":"2024-05-07T16:10:19","date_gmt":"2024-05-07T14:10:19","guid":{"rendered":"http:\/\/localhost\/Chaire%20UNESCO%20DPHD\/?page_id=364"},"modified":"2024-06-05T10:48:35","modified_gmt":"2024-06-05T08:48:35","slug":"nos-parutions","status":"publish","type":"page","link":"https:\/\/chaire.kasdigit.com\/index.php\/nos-parutions\/","title":{"rendered":"Nos parutions"},"content":{"rendered":"\t\t<div data-elementor-type=\"wp-page\" data-elementor-id=\"364\" class=\"elementor elementor-364\" data-elementor-settings=\"{&quot;ha_cmc_init_switcher&quot;:&quot;no&quot;}\" data-elementor-post-type=\"page\">\n\t\t\t\t<div class=\"elementor-element elementor-element-718be1f e-flex e-con-boxed wpr-particle-no wpr-jarallax-no wpr-parallax-no wpr-sticky-section-no e-con e-parent\" data-id=\"718be1f\" data-element_type=\"container\" data-settings=\"{&quot;background_background&quot;:&quot;slideshow&quot;,&quot;background_slideshow_gallery&quot;:[{&quot;id&quot;:814,&quot;url&quot;:&quot;http:\\\/\\\/localhost\\\/Chaire%20UNESCO%20DPHD\\\/wp-content\\\/uploads\\\/2024\\\/05\\\/bg-1.png&quot;}],&quot;background_slideshow_loop&quot;:&quot;yes&quot;,&quot;background_slideshow_slide_duration&quot;:5000,&quot;background_slideshow_slide_transition&quot;:&quot;fade&quot;,&quot;background_slideshow_transition_duration&quot;:500,&quot;_ha_eqh_enable&quot;:false}\">\n\t\t\t\t\t<div class=\"e-con-inner\">\n\t\t\t\t<div class=\"elementor-element elementor-element-8f1cac3 elementor-widget elementor-widget-heading\" data-id=\"8f1cac3\" data-element_type=\"widget\" data-widget_type=\"heading.default\">\n\t\t\t\t<div class=\"elementor-widget-container\">\n\t\t\t\t\t<h1 class=\"elementor-heading-title elementor-size-default\">Nos parutions<\/h1>\t\t\t\t<\/div>\n\t\t\t\t<\/div>\n\t\t\t\t\t<\/div>\n\t\t\t\t<\/div>\n\t\t\t\t<section class=\"elementor-section elementor-top-section elementor-element elementor-element-1d8ef380 elementor-section-boxed elementor-section-height-default elementor-section-height-default wpr-particle-no wpr-jarallax-no wpr-parallax-no wpr-sticky-section-no\" data-id=\"1d8ef380\" data-element_type=\"section\" data-settings=\"{&quot;background_background&quot;:&quot;classic&quot;,&quot;_ha_eqh_enable&quot;:false}\">\n\t\t\t\t\t\t<div class=\"elementor-container elementor-column-gap-default\">\n\t\t\t\t\t<div class=\"elementor-column elementor-col-100 elementor-top-column elementor-element elementor-element-62b3ed5f\" data-id=\"62b3ed5f\" data-element_type=\"column\">\n\t\t\t<div class=\"elementor-widget-wrap elementor-element-populated\">\n\t\t\t\t\t\t<div class=\"elementor-element elementor-element-5b635be6 wpr-grid-columns-3 wpr-grid-columns--tablet2 wpr-grid-columns--mobile1 wpr-grid-pagination-center wpr-item-styles-inner elementor-invisible elementor-widget elementor-widget-wpr-grid\" data-id=\"5b635be6\" data-element_type=\"widget\" data-settings=\"{&quot;_animation&quot;:&quot;bounce&quot;}\" data-widget_type=\"wpr-grid.default\">\n\t\t\t\t<div class=\"elementor-widget-container\">\n\t\t\t\t\t<ul class=\"wpr-grid-filters elementor-clearfix wpr-grid-filters-sep-right\"><li class=\" wpr-pointer-none wpr-pointer-line-fx wpr-pointer-fx-none\"><span  data-filter=\"*\" class=\"wpr-grid-filters-item wpr-active-filter \">All<\/span><em class=\"wpr-grid-filters-sep\"><\/em><\/li><li class=\" wpr-pointer-none wpr-pointer-line-fx wpr-pointer-fx-none\"><span   data-ajax-filter=[\"category\",\"actualites\"]  data-filter=\".category-actualites\">Actualit\u00e9s<\/span><em class=\"wpr-grid-filters-sep\"><\/em><\/li><li class=\" wpr-pointer-none wpr-pointer-line-fx wpr-pointer-fx-none\"><span   data-ajax-filter=[\"category\",\"non-classe\"]  data-filter=\".category-non-classe\">Non class\u00e9<\/span><em class=\"wpr-grid-filters-sep\"><\/em><\/li><li class=\" wpr-pointer-none wpr-pointer-line-fx wpr-pointer-fx-none\"><span   data-ajax-filter=[\"category\",\"publications\"]  data-filter=\".category-publications\">Publications<\/span><em class=\"wpr-grid-filters-sep\"><\/em><\/li><\/ul><section class=\"wpr-grid elementor-clearfix\" data-settings=\"{&quot;layout&quot;:&quot;fitRows&quot;,&quot;stick_last_element_to_bottom&quot;:&quot;&quot;,&quot;columns_desktop&quot;:&quot;3&quot;,&quot;gutter_hr&quot;:15,&quot;gutter_hr_mobile&quot;:15,&quot;gutter_hr_mobile_extra&quot;:15,&quot;gutter_hr_tablet&quot;:15,&quot;gutter_hr_tablet_extra&quot;:15,&quot;gutter_hr_laptop&quot;:15,&quot;gutter_hr_widescreen&quot;:15,&quot;gutter_vr&quot;:15,&quot;gutter_vr_mobile&quot;:15,&quot;gutter_vr_mobile_extra&quot;:15,&quot;gutter_vr_tablet&quot;:15,&quot;gutter_vr_tablet_extra&quot;:15,&quot;gutter_vr_laptop&quot;:15,&quot;gutter_vr_widescreen&quot;:15,&quot;animation&quot;:&quot;fade&quot;,&quot;animation_duration&quot;:0.4,&quot;animation_delay&quot;:0.2,&quot;deeplinking&quot;:&quot;&quot;,&quot;filters_linkable&quot;:&quot;no&quot;,&quot;filters_default_filter&quot;:&quot;&quot;,&quot;filters_count&quot;:&quot;&quot;,&quot;filters_hide_empty&quot;:&quot;yes&quot;,&quot;filters_animation&quot;:&quot;default&quot;,&quot;filters_animation_duration&quot;:0.4,&quot;filters_animation_delay&quot;:0.2,&quot;pagination_type&quot;:&quot;load-more&quot;,&quot;pagination_max_pages&quot;:2,&quot;lightbox&quot;:{&quot;selector&quot;:&quot;.wpr-grid-image-wrap&quot;,&quot;iframeMaxWidth&quot;:&quot;60%&quot;,&quot;hash&quot;:false,&quot;autoplay&quot;:&quot;true&quot;,&quot;pause&quot;:5000,&quot;progressBar&quot;:&quot;true&quot;,&quot;counter&quot;:&quot;true&quot;,&quot;controls&quot;:&quot;true&quot;,&quot;getCaptionFromTitleOrAlt&quot;:&quot;true&quot;,&quot;thumbnail&quot;:&quot;&quot;,&quot;showThumbByDefault&quot;:&quot;&quot;,&quot;share&quot;:&quot;&quot;,&quot;zoom&quot;:&quot;true&quot;,&quot;fullScreen&quot;:&quot;true&quot;,&quot;download&quot;:&quot;true&quot;}}\"><article class=\"wpr-grid-item elementor-clearfix post-1591 post type-post status-publish format-standard has-post-thumbnail hentry category-actualites category-publications\"><div class=\"wpr-grid-item-inner\"><div class=\"wpr-grid-item-above-content elementor-clearfix\"><h2 class=\"wpr-grid-item-title elementor-repeater-item-04b0433 wpr-grid-item-display-block wpr-grid-item-align-left wpr-pointer-none wpr-pointer-line-fx wpr-pointer-fx-fade\"><div class=\"inner-block\"><a target=\"_self\"  href=\"https:\/\/chaire.kasdigit.com\/index.php\/2025\/07\/18\/droit-beninois-de-la-reconnaissance-de-lenfant-concu-et-de-la-declaration-de-naissance\/\">DROIT BENINOIS DE LA RECONNAISSANCE DE L\u2019ENFANT CON\u00c7U ET DE LA DECLARATION DE NAISSANCE<\/a><\/div><\/h2><\/div><div class=\"wpr-grid-media-wrap wpr-effect-size-medium \" data-overlay-link=\"yes\"><div class=\"wpr-grid-image-wrap\" data-src=\"https:\/\/chaire.kasdigit.com\/wp-content\/uploads\/elementor\/thumbs\/Sans-titre-1-rjq96aq16t67sz2vg2d7xlvawhi97zm2550aectymg.png\" data-img-on-hover=\"\"  data-src-secondary=\"\"><img decoding=\"async\" data-no-lazy=\"1\" src=\"https:\/\/chaire.kasdigit.com\/wp-content\/uploads\/elementor\/thumbs\/Sans-titre-1-rjq96aq16t67sz2vg2d7xlvawhi97zm2550aectymg.png\" alt=\"DROIT BENINOIS DE LA RECONNAISSANCE DE L\u2019ENFANT CON\u00c7U ET DE LA DECLARATION DE NAISSANCE\" class=\"wpr-anim-timing-ease-default\"><\/div><div class=\"wpr-grid-media-hover wpr-animation-wrap\"><div class=\"wpr-grid-media-hover-bg  wpr-overlay-fade-in wpr-anim-size-large wpr-anim-timing-ease-default wpr-anim-transparency\" data-url=\"https:\/\/chaire.kasdigit.com\/index.php\/2025\/07\/18\/droit-beninois-de-la-reconnaissance-de-lenfant-concu-et-de-la-declaration-de-naissance\/\"><\/div><div class=\"wpr-cv-container\"><div class=\"wpr-cv-outer\"><div class=\"wpr-cv-inner\"><div class=\"wpr-grid-media-hover-middle elementor-clearfix\"><div class=\"wpr-grid-item-lightbox elementor-repeater-item-8944abd wpr-grid-item-display-block wpr-grid-item-align-center wpr-element-fade-in wpr-anim-size-large wpr-anim-timing-ease-default wpr-anim-transparency\"><div class=\"inner-block\"><span data-src=\"https:\/\/chaire.kasdigit.com\/wp-content\/uploads\/2025\/07\/Sans-titre-1.png\"><i class=\"fas fa-search\"><\/i><\/span><div class=\"wpr-grid-lightbox-overlay\"><\/div><\/div><\/div><\/div><\/div><\/div><\/div><\/div><\/div><div class=\"wpr-grid-item-below-content elementor-clearfix\"><div class=\"wpr-grid-item-category elementor-repeater-item-66ca227 wpr-grid-item-display-block wpr-grid-item-align-left wpr-pointer-none wpr-pointer-line-fx wpr-pointer-fx-fade wpr-grid-tax-style-1\"><div class=\"inner-block\"><a class=\" wpr-tax-id-4\" href=\"https:\/\/chaire.kasdigit.com\/index.php\/category\/actualites\/\">Actualit\u00e9s<span class=\"tax-sep\">, <\/span><\/a><a class=\" wpr-tax-id-5\" href=\"https:\/\/chaire.kasdigit.com\/index.php\/category\/publications\/\">Publications<\/a><\/div><\/div><div class=\"wpr-grid-item-excerpt elementor-repeater-item-5241605 wpr-grid-item-display-block wpr-grid-item-align-left\"><div class=\"inner-block\"><p>Samson Igor Bidossessi GUEDEGBE Ma\u00eetre de Conf\u00e9rences Agr\u00e9g\u00e9 de l\u2019enseignement sup\u00e9rieur du CAMES Universit\u00e9 d\u2019Abomey-Calavi, BENIN L\u2019analyse du nouveau cadre...<\/p><\/div><\/div><div class=\"wpr-grid-item-read-more elementor-repeater-item-dc1027d wpr-grid-item-display-block wpr-grid-item-align-left\"><div class=\"inner-block\"><a target=\"_self\" href=\"https:\/\/chaire.kasdigit.com\/index.php\/2025\/07\/18\/droit-beninois-de-la-reconnaissance-de-lenfant-concu-et-de-la-declaration-de-naissance\/\" class=\"wpr-button-effect wpr-button-none\"><span class=\"wpr-grid-extra-icon-left\"><svg aria-hidden=\"true\" class=\"e-font-icon-svg e-fas-external-link-alt\" viewBox=\"0 0 512 512\" xmlns=\"http:\/\/www.w3.org\/2000\/svg\"><path d=\"M432,320H400a16,16,0,0,0-16,16V448H64V128H208a16,16,0,0,0,16-16V80a16,16,0,0,0-16-16H48A48,48,0,0,0,0,112V464a48,48,0,0,0,48,48H400a48,48,0,0,0,48-48V336A16,16,0,0,0,432,320ZM488,0h-128c-21.37,0-32.05,25.91-17,41l35.73,35.73L135,320.37a24,24,0,0,0,0,34L157.67,377a24,24,0,0,0,34,0L435.28,133.32,471,169c15,15,41,4.5,41-17V24A24,24,0,0,0,488,0Z\"><\/path><\/svg><\/span><span>Read Full Story...<\/span><\/a><\/div><\/div><\/div><\/div><\/article><article class=\"wpr-grid-item elementor-clearfix post-1585 post type-post status-publish format-standard has-post-thumbnail hentry category-actualites category-publications\"><div class=\"wpr-grid-item-inner\"><div class=\"wpr-grid-item-above-content elementor-clearfix\"><h2 class=\"wpr-grid-item-title elementor-repeater-item-04b0433 wpr-grid-item-display-block wpr-grid-item-align-left wpr-pointer-none wpr-pointer-line-fx wpr-pointer-fx-fade\"><div class=\"inner-block\"><a target=\"_self\"  href=\"https:\/\/chaire.kasdigit.com\/index.php\/2025\/07\/18\/le-contentieux-de-la-securite-sociale-en-droit-beninois\/\">LE CONTENTIEUX DE LA SECURITE SOCIALE EN DROIT BENINOIS<\/a><\/div><\/h2><\/div><div class=\"wpr-grid-media-wrap wpr-effect-size-medium \" data-overlay-link=\"yes\"><div class=\"wpr-grid-image-wrap\" data-src=\"https:\/\/chaire.kasdigit.com\/wp-content\/uploads\/elementor\/thumbs\/Sans-titre-1-1-rjq96aq16t67sz2vg2d7xlvawhi97zm2550aectymg.png\" data-img-on-hover=\"\"  data-src-secondary=\"\"><img decoding=\"async\" data-no-lazy=\"1\" src=\"https:\/\/chaire.kasdigit.com\/wp-content\/uploads\/elementor\/thumbs\/Sans-titre-1-1-rjq96aq16t67sz2vg2d7xlvawhi97zm2550aectymg.png\" alt=\"LE CONTENTIEUX DE LA SECURITE SOCIALE EN DROIT BENINOIS\" class=\"wpr-anim-timing-ease-default\"><\/div><div class=\"wpr-grid-media-hover wpr-animation-wrap\"><div class=\"wpr-grid-media-hover-bg  wpr-overlay-fade-in wpr-anim-size-large wpr-anim-timing-ease-default wpr-anim-transparency\" data-url=\"https:\/\/chaire.kasdigit.com\/index.php\/2025\/07\/18\/le-contentieux-de-la-securite-sociale-en-droit-beninois\/\"><\/div><div class=\"wpr-cv-container\"><div class=\"wpr-cv-outer\"><div class=\"wpr-cv-inner\"><div class=\"wpr-grid-media-hover-middle elementor-clearfix\"><div class=\"wpr-grid-item-lightbox elementor-repeater-item-8944abd wpr-grid-item-display-block wpr-grid-item-align-center wpr-element-fade-in wpr-anim-size-large wpr-anim-timing-ease-default wpr-anim-transparency\"><div class=\"inner-block\"><span data-src=\"https:\/\/chaire.kasdigit.com\/wp-content\/uploads\/2025\/07\/Sans-titre-1-1.png\"><i class=\"fas fa-search\"><\/i><\/span><div class=\"wpr-grid-lightbox-overlay\"><\/div><\/div><\/div><\/div><\/div><\/div><\/div><\/div><\/div><div class=\"wpr-grid-item-below-content elementor-clearfix\"><div class=\"wpr-grid-item-category elementor-repeater-item-66ca227 wpr-grid-item-display-block wpr-grid-item-align-left wpr-pointer-none wpr-pointer-line-fx wpr-pointer-fx-fade wpr-grid-tax-style-1\"><div class=\"inner-block\"><a class=\" wpr-tax-id-4\" href=\"https:\/\/chaire.kasdigit.com\/index.php\/category\/actualites\/\">Actualit\u00e9s<span class=\"tax-sep\">, <\/span><\/a><a class=\" wpr-tax-id-5\" href=\"https:\/\/chaire.kasdigit.com\/index.php\/category\/publications\/\">Publications<\/a><\/div><\/div><div class=\"wpr-grid-item-excerpt elementor-repeater-item-5241605 wpr-grid-item-display-block wpr-grid-item-align-left\"><div class=\"inner-block\"><p>Samson Igor Bidossessi GUEDEGBE Ma\u00eetre de Conf\u00e9rences Agr\u00e9g\u00e9 de l\u2019enseignement sup\u00e9rieur du CAMES Universit\u00e9 d\u2019Abomey-Calavi, BENIN<\/p><\/div><\/div><div class=\"wpr-grid-item-read-more elementor-repeater-item-dc1027d wpr-grid-item-display-block wpr-grid-item-align-left\"><div class=\"inner-block\"><a target=\"_self\" href=\"https:\/\/chaire.kasdigit.com\/index.php\/2025\/07\/18\/le-contentieux-de-la-securite-sociale-en-droit-beninois\/\" class=\"wpr-button-effect wpr-button-none\"><span class=\"wpr-grid-extra-icon-left\"><svg aria-hidden=\"true\" class=\"e-font-icon-svg e-fas-external-link-alt\" viewBox=\"0 0 512 512\" xmlns=\"http:\/\/www.w3.org\/2000\/svg\"><path d=\"M432,320H400a16,16,0,0,0-16,16V448H64V128H208a16,16,0,0,0,16-16V80a16,16,0,0,0-16-16H48A48,48,0,0,0,0,112V464a48,48,0,0,0,48,48H400a48,48,0,0,0,48-48V336A16,16,0,0,0,432,320ZM488,0h-128c-21.37,0-32.05,25.91-17,41l35.73,35.73L135,320.37a24,24,0,0,0,0,34L157.67,377a24,24,0,0,0,34,0L435.28,133.32,471,169c15,15,41,4.5,41-17V24A24,24,0,0,0,488,0Z\"><\/path><\/svg><\/span><span>Read Full Story...<\/span><\/a><\/div><\/div><\/div><\/div><\/article><article class=\"wpr-grid-item elementor-clearfix post-988 post type-post status-publish format-standard has-post-thumbnail hentry category-non-classe\"><div class=\"wpr-grid-item-inner\"><div class=\"wpr-grid-item-above-content elementor-clearfix\"><h2 class=\"wpr-grid-item-title elementor-repeater-item-04b0433 wpr-grid-item-display-block wpr-grid-item-align-left wpr-pointer-none wpr-pointer-line-fx wpr-pointer-fx-fade\"><div class=\"inner-block\"><a target=\"_self\"  href=\"https:\/\/chaire.kasdigit.com\/index.php\/2024\/03\/11\/la-chaire-unesco-des-droits-de-la-personne-humaine-et-de-la-democratie-chaire-unesco-dphd-de-luniversite-d-abomey-calavi-uac-au-benin-en-partenariat-avec-la-fondation-konrad-ade\/\">La Chaire UNESCO des Droits de la Personne Humaine et de la D\u00e9mocratie (Chaire UNESCO DPHD) de l\u2019Universit\u00e9 d\u2019 Abomey-Calavi\u2026<\/a><\/div><\/h2><\/div><div class=\"wpr-grid-media-wrap wpr-effect-size-medium \" data-overlay-link=\"yes\"><div class=\"wpr-grid-image-wrap\" data-src=\"https:\/\/chaire.kasdigit.com\/wp-content\/uploads\/elementor\/thumbs\/Capture-decran-2023-08-05-005323-436x450-1-rjq96aq16t67sz2vg2d7xlvawhi97zm2550aectymg.png\" data-img-on-hover=\"\"  data-src-secondary=\"\"><img decoding=\"async\" data-no-lazy=\"1\" src=\"https:\/\/chaire.kasdigit.com\/wp-content\/uploads\/elementor\/thumbs\/Capture-decran-2023-08-05-005323-436x450-1-rjq96aq16t67sz2vg2d7xlvawhi97zm2550aectymg.png\" alt=\"La Chaire UNESCO des Droits de la Personne Humaine et de la D\u00e9mocratie (Chaire UNESCO DPHD) de l\u2019Universit\u00e9 d\u2019 Abomey-Calavi (UAC) au Benin, en partenariat avec la Fondation Konrad Adenauer, organise, au titre de l\u2019ann\u00e9e acad\u00e9mique 2023-2024, le master recherche droits de la personne et de la d\u00e9mocratie, Semestres 3&amp;4.\" class=\"wpr-anim-timing-ease-default\"><\/div><div class=\"wpr-grid-media-hover wpr-animation-wrap\"><div class=\"wpr-grid-media-hover-bg  wpr-overlay-fade-in wpr-anim-size-large wpr-anim-timing-ease-default wpr-anim-transparency\" data-url=\"https:\/\/chaire.kasdigit.com\/index.php\/2024\/03\/11\/la-chaire-unesco-des-droits-de-la-personne-humaine-et-de-la-democratie-chaire-unesco-dphd-de-luniversite-d-abomey-calavi-uac-au-benin-en-partenariat-avec-la-fondation-konrad-ade\/\"><\/div><div class=\"wpr-cv-container\"><div class=\"wpr-cv-outer\"><div class=\"wpr-cv-inner\"><div class=\"wpr-grid-media-hover-middle elementor-clearfix\"><div class=\"wpr-grid-item-lightbox elementor-repeater-item-8944abd wpr-grid-item-display-block wpr-grid-item-align-center wpr-element-fade-in wpr-anim-size-large wpr-anim-timing-ease-default wpr-anim-transparency\"><div class=\"inner-block\"><span data-src=\"https:\/\/chaire.kasdigit.com\/wp-content\/uploads\/2024\/05\/Capture-decran-2023-08-05-005323-436x450-1.png\"><i class=\"fas fa-search\"><\/i><\/span><div class=\"wpr-grid-lightbox-overlay\"><\/div><\/div><\/div><\/div><\/div><\/div><\/div><\/div><\/div><div class=\"wpr-grid-item-below-content elementor-clearfix\"><div class=\"wpr-grid-item-category elementor-repeater-item-66ca227 wpr-grid-item-display-block wpr-grid-item-align-left wpr-pointer-none wpr-pointer-line-fx wpr-pointer-fx-fade wpr-grid-tax-style-1\"><div class=\"inner-block\"><a class=\" wpr-tax-id-1\" href=\"https:\/\/chaire.kasdigit.com\/index.php\/category\/non-classe\/\">Non class\u00e9<\/a><\/div><\/div><div class=\"wpr-grid-item-excerpt elementor-repeater-item-5241605 wpr-grid-item-display-block wpr-grid-item-align-left\"><div class=\"inner-block\"><p>Peuvent faire acte de candidature les titulaires d\u2019une Ma\u00eetrise ou d\u2019un dipl\u00f4me \u00e9quivalent en Sciences Juridiques, Administratives et Politiques, Sociologie,...<\/p><\/div><\/div><div class=\"wpr-grid-item-read-more elementor-repeater-item-dc1027d wpr-grid-item-display-block wpr-grid-item-align-left\"><div class=\"inner-block\"><a target=\"_self\" href=\"https:\/\/chaire.kasdigit.com\/index.php\/2024\/03\/11\/la-chaire-unesco-des-droits-de-la-personne-humaine-et-de-la-democratie-chaire-unesco-dphd-de-luniversite-d-abomey-calavi-uac-au-benin-en-partenariat-avec-la-fondation-konrad-ade\/\" class=\"wpr-button-effect wpr-button-none\"><span class=\"wpr-grid-extra-icon-left\"><svg aria-hidden=\"true\" class=\"e-font-icon-svg e-fas-external-link-alt\" viewBox=\"0 0 512 512\" xmlns=\"http:\/\/www.w3.org\/2000\/svg\"><path d=\"M432,320H400a16,16,0,0,0-16,16V448H64V128H208a16,16,0,0,0,16-16V80a16,16,0,0,0-16-16H48A48,48,0,0,0,0,112V464a48,48,0,0,0,48,48H400a48,48,0,0,0,48-48V336A16,16,0,0,0,432,320ZM488,0h-128c-21.37,0-32.05,25.91-17,41l35.73,35.73L135,320.37a24,24,0,0,0,0,34L157.67,377a24,24,0,0,0,34,0L435.28,133.32,471,169c15,15,41,4.5,41-17V24A24,24,0,0,0,488,0Z\"><\/path><\/svg><\/span><span>Read Full Story...<\/span><\/a><\/div><\/div><\/div><\/div><\/article><article class=\"wpr-grid-item elementor-clearfix post-979 post type-post status-publish format-standard has-post-thumbnail hentry category-non-classe\"><div class=\"wpr-grid-item-inner\"><div class=\"wpr-grid-item-above-content elementor-clearfix\"><h2 class=\"wpr-grid-item-title elementor-repeater-item-04b0433 wpr-grid-item-display-block wpr-grid-item-align-left wpr-pointer-none wpr-pointer-line-fx wpr-pointer-fx-fade\"><div class=\"inner-block\"><a target=\"_self\"  href=\"https:\/\/chaire.kasdigit.com\/index.php\/2023\/10\/02\/colloque-portant-sur-etudes-de-droit-et-employabilite\/\">Colloque portant sur \u00ab Etudes de Droit et employabilit\u00e9 \u00bb<\/a><\/div><\/h2><\/div><div class=\"wpr-grid-media-wrap wpr-effect-size-medium \" data-overlay-link=\"yes\"><div class=\"wpr-grid-image-wrap\" data-src=\"https:\/\/chaire.kasdigit.com\/wp-content\/uploads\/elementor\/thumbs\/1-1-300x225-3-rjq96aq16t67sz2vg2d7xlvawhi97zm2550aectymg.jpg\" data-img-on-hover=\"\"  data-src-secondary=\"\"><img decoding=\"async\" data-no-lazy=\"1\" src=\"https:\/\/chaire.kasdigit.com\/wp-content\/uploads\/elementor\/thumbs\/1-1-300x225-3-rjq96aq16t67sz2vg2d7xlvawhi97zm2550aectymg.jpg\" alt=\"Colloque portant sur \u00ab Etudes de Droit et employabilit\u00e9 \u00bb\" class=\"wpr-anim-timing-ease-default\"><\/div><div class=\"wpr-grid-media-hover wpr-animation-wrap\"><div class=\"wpr-grid-media-hover-bg  wpr-overlay-fade-in wpr-anim-size-large wpr-anim-timing-ease-default wpr-anim-transparency\" data-url=\"https:\/\/chaire.kasdigit.com\/index.php\/2023\/10\/02\/colloque-portant-sur-etudes-de-droit-et-employabilite\/\"><\/div><div class=\"wpr-cv-container\"><div class=\"wpr-cv-outer\"><div class=\"wpr-cv-inner\"><div class=\"wpr-grid-media-hover-middle elementor-clearfix\"><div class=\"wpr-grid-item-lightbox elementor-repeater-item-8944abd wpr-grid-item-display-block wpr-grid-item-align-center wpr-element-fade-in wpr-anim-size-large wpr-anim-timing-ease-default wpr-anim-transparency\"><div class=\"inner-block\"><span data-src=\"https:\/\/chaire.kasdigit.com\/wp-content\/uploads\/2024\/05\/1-1-300x225-3.jpg\"><i class=\"fas fa-search\"><\/i><\/span><div class=\"wpr-grid-lightbox-overlay\"><\/div><\/div><\/div><\/div><\/div><\/div><\/div><\/div><\/div><div class=\"wpr-grid-item-below-content elementor-clearfix\"><div class=\"wpr-grid-item-category elementor-repeater-item-66ca227 wpr-grid-item-display-block wpr-grid-item-align-left wpr-pointer-none wpr-pointer-line-fx wpr-pointer-fx-fade wpr-grid-tax-style-1\"><div class=\"inner-block\"><a class=\" wpr-tax-id-1\" href=\"https:\/\/chaire.kasdigit.com\/index.php\/category\/non-classe\/\">Non class\u00e9<\/a><\/div><\/div><div class=\"wpr-grid-item-excerpt elementor-repeater-item-5241605 wpr-grid-item-display-block wpr-grid-item-align-left\"><div class=\"inner-block\"><p>A l\u2019occasion du colloque portant sur \u00ab \u00c9tudes de Droit et employabilit\u00e9 \u00bb organis\u00e9 par la Chaire Unesco des Droits...<\/p><\/div><\/div><div class=\"wpr-grid-item-read-more elementor-repeater-item-dc1027d wpr-grid-item-display-block wpr-grid-item-align-left\"><div class=\"inner-block\"><a target=\"_self\" href=\"https:\/\/chaire.kasdigit.com\/index.php\/2023\/10\/02\/colloque-portant-sur-etudes-de-droit-et-employabilite\/\" class=\"wpr-button-effect wpr-button-none\"><span class=\"wpr-grid-extra-icon-left\"><svg aria-hidden=\"true\" class=\"e-font-icon-svg e-fas-external-link-alt\" viewBox=\"0 0 512 512\" xmlns=\"http:\/\/www.w3.org\/2000\/svg\"><path d=\"M432,320H400a16,16,0,0,0-16,16V448H64V128H208a16,16,0,0,0,16-16V80a16,16,0,0,0-16-16H48A48,48,0,0,0,0,112V464a48,48,0,0,0,48,48H400a48,48,0,0,0,48-48V336A16,16,0,0,0,432,320ZM488,0h-128c-21.37,0-32.05,25.91-17,41l35.73,35.73L135,320.37a24,24,0,0,0,0,34L157.67,377a24,24,0,0,0,34,0L435.28,133.32,471,169c15,15,41,4.5,41-17V24A24,24,0,0,0,488,0Z\"><\/path><\/svg><\/span><span>Read Full Story...<\/span><\/a><\/div><\/div><\/div><\/div><\/article><article class=\"wpr-grid-item elementor-clearfix post-996 post type-post status-publish format-standard has-post-thumbnail hentry category-non-classe\"><div class=\"wpr-grid-item-inner\"><div class=\"wpr-grid-item-above-content elementor-clearfix\"><h2 class=\"wpr-grid-item-title elementor-repeater-item-04b0433 wpr-grid-item-display-block wpr-grid-item-align-left wpr-pointer-none wpr-pointer-line-fx wpr-pointer-fx-fade\"><div class=\"inner-block\"><a target=\"_self\"  href=\"https:\/\/chaire.kasdigit.com\/index.php\/2023\/04\/18\/appel-a-candidature\/\">Appel \u00e0 candidature<\/a><\/div><\/h2><\/div><div class=\"wpr-grid-media-wrap wpr-effect-size-medium \" data-overlay-link=\"yes\"><div class=\"wpr-grid-image-wrap\" data-src=\"https:\/\/chaire.kasdigit.com\/wp-content\/uploads\/elementor\/thumbs\/logo_chaire-150x150-1-rjq96aq16t67sz2vg2d7xlvawhi97zm2550aectymg.jpeg\" data-img-on-hover=\"\"  data-src-secondary=\"\"><img decoding=\"async\" data-no-lazy=\"1\" src=\"https:\/\/chaire.kasdigit.com\/wp-content\/uploads\/elementor\/thumbs\/logo_chaire-150x150-1-rjq96aq16t67sz2vg2d7xlvawhi97zm2550aectymg.jpeg\" alt=\"Appel \u00e0 candidature\" class=\"wpr-anim-timing-ease-default\"><\/div><div class=\"wpr-grid-media-hover wpr-animation-wrap\"><div class=\"wpr-grid-media-hover-bg  wpr-overlay-fade-in wpr-anim-size-large wpr-anim-timing-ease-default wpr-anim-transparency\" data-url=\"https:\/\/chaire.kasdigit.com\/index.php\/2023\/04\/18\/appel-a-candidature\/\"><\/div><div class=\"wpr-cv-container\"><div class=\"wpr-cv-outer\"><div class=\"wpr-cv-inner\"><div class=\"wpr-grid-media-hover-middle elementor-clearfix\"><div class=\"wpr-grid-item-lightbox elementor-repeater-item-8944abd wpr-grid-item-display-block wpr-grid-item-align-center wpr-element-fade-in wpr-anim-size-large wpr-anim-timing-ease-default wpr-anim-transparency\"><div class=\"inner-block\"><span data-src=\"https:\/\/chaire.kasdigit.com\/wp-content\/uploads\/2024\/05\/logo_chaire-150x150-1.jpeg\"><i class=\"fas fa-search\"><\/i><\/span><div class=\"wpr-grid-lightbox-overlay\"><\/div><\/div><\/div><\/div><\/div><\/div><\/div><\/div><\/div><div class=\"wpr-grid-item-below-content elementor-clearfix\"><div class=\"wpr-grid-item-category elementor-repeater-item-66ca227 wpr-grid-item-display-block wpr-grid-item-align-left wpr-pointer-none wpr-pointer-line-fx wpr-pointer-fx-fade wpr-grid-tax-style-1\"><div class=\"inner-block\"><a class=\" wpr-tax-id-1\" href=\"https:\/\/chaire.kasdigit.com\/index.php\/category\/non-classe\/\">Non class\u00e9<\/a><\/div><\/div><div class=\"wpr-grid-item-excerpt elementor-repeater-item-5241605 wpr-grid-item-display-block wpr-grid-item-align-left\"><div class=\"inner-block\"><p>Appel \u00e0 communication<\/p><\/div><\/div><div class=\"wpr-grid-item-read-more elementor-repeater-item-dc1027d wpr-grid-item-display-block wpr-grid-item-align-left\"><div class=\"inner-block\"><a target=\"_self\" href=\"https:\/\/chaire.kasdigit.com\/index.php\/2023\/04\/18\/appel-a-candidature\/\" class=\"wpr-button-effect wpr-button-none\"><span class=\"wpr-grid-extra-icon-left\"><svg aria-hidden=\"true\" class=\"e-font-icon-svg e-fas-external-link-alt\" viewBox=\"0 0 512 512\" xmlns=\"http:\/\/www.w3.org\/2000\/svg\"><path d=\"M432,320H400a16,16,0,0,0-16,16V448H64V128H208a16,16,0,0,0,16-16V80a16,16,0,0,0-16-16H48A48,48,0,0,0,0,112V464a48,48,0,0,0,48,48H400a48,48,0,0,0,48-48V336A16,16,0,0,0,432,320ZM488,0h-128c-21.37,0-32.05,25.91-17,41l35.73,35.73L135,320.37a24,24,0,0,0,0,34L157.67,377a24,24,0,0,0,34,0L435.28,133.32,471,169c15,15,41,4.5,41-17V24A24,24,0,0,0,488,0Z\"><\/path><\/svg><\/span><span>Read Full Story...<\/span><\/a><\/div><\/div><\/div><\/div><\/article><article class=\"wpr-grid-item elementor-clearfix post-989 post type-post status-publish format-standard has-post-thumbnail hentry category-non-classe\"><div class=\"wpr-grid-item-inner\"><div class=\"wpr-grid-item-above-content elementor-clearfix\"><h2 class=\"wpr-grid-item-title elementor-repeater-item-04b0433 wpr-grid-item-display-block wpr-grid-item-align-left wpr-pointer-none wpr-pointer-line-fx wpr-pointer-fx-fade\"><div class=\"inner-block\"><a target=\"_self\"  href=\"https:\/\/chaire.kasdigit.com\/index.php\/2023\/04\/18\/appel-a-candidaturehommage-a-un-maitre-professeur-noel-a-gbaguidi-puisque-cest-de-lui-quil-sagitappel-a-candidature\/\">HOMMAGE A UN MA\u00ceTRE, PROFESSEUR NO\u00cbL A. GBAGUIDI, puisque c\u2019est de lui qu\u2019il s\u2019agit.<\/a><\/div><\/h2><\/div><div class=\"wpr-grid-media-wrap wpr-effect-size-medium \" data-overlay-link=\"yes\"><div class=\"wpr-grid-image-wrap\" data-src=\"https:\/\/chaire.kasdigit.com\/wp-content\/uploads\/elementor\/thumbs\/AVANT-770x450-2-rjq96aq16t67sz2vg2d7xlvawhi97zm2550aectymg.png\" data-img-on-hover=\"\"  data-src-secondary=\"\"><img decoding=\"async\" data-no-lazy=\"1\" src=\"https:\/\/chaire.kasdigit.com\/wp-content\/uploads\/elementor\/thumbs\/AVANT-770x450-2-rjq96aq16t67sz2vg2d7xlvawhi97zm2550aectymg.png\" alt=\"HOMMAGE A UN MA\u00ceTRE, PROFESSEUR NO\u00cbL A. GBAGUIDI, puisque c\u2019est de lui qu\u2019il s\u2019agit.\" class=\"wpr-anim-timing-ease-default\"><\/div><div class=\"wpr-grid-media-hover wpr-animation-wrap\"><div class=\"wpr-grid-media-hover-bg  wpr-overlay-fade-in wpr-anim-size-large wpr-anim-timing-ease-default wpr-anim-transparency\" data-url=\"https:\/\/chaire.kasdigit.com\/index.php\/2023\/04\/18\/appel-a-candidaturehommage-a-un-maitre-professeur-noel-a-gbaguidi-puisque-cest-de-lui-quil-sagitappel-a-candidature\/\"><\/div><div class=\"wpr-cv-container\"><div class=\"wpr-cv-outer\"><div class=\"wpr-cv-inner\"><div class=\"wpr-grid-media-hover-middle elementor-clearfix\"><div class=\"wpr-grid-item-lightbox elementor-repeater-item-8944abd wpr-grid-item-display-block wpr-grid-item-align-center wpr-element-fade-in wpr-anim-size-large wpr-anim-timing-ease-default wpr-anim-transparency\"><div class=\"inner-block\"><span data-src=\"https:\/\/chaire.kasdigit.com\/wp-content\/uploads\/2024\/05\/AVANT-770x450-2.png\"><i class=\"fas fa-search\"><\/i><\/span><div class=\"wpr-grid-lightbox-overlay\"><\/div><\/div><\/div><\/div><\/div><\/div><\/div><\/div><\/div><div class=\"wpr-grid-item-below-content elementor-clearfix\"><div class=\"wpr-grid-item-category elementor-repeater-item-66ca227 wpr-grid-item-display-block wpr-grid-item-align-left wpr-pointer-none wpr-pointer-line-fx wpr-pointer-fx-fade wpr-grid-tax-style-1\"><div class=\"inner-block\"><a class=\" wpr-tax-id-1\" href=\"https:\/\/chaire.kasdigit.com\/index.php\/category\/non-classe\/\">Non class\u00e9<\/a><\/div><\/div><div class=\"wpr-grid-item-excerpt elementor-repeater-item-5241605 wpr-grid-item-display-block wpr-grid-item-align-left\"><div class=\"inner-block\"><p>Dans\u00a0les amphis des facult\u00e9s et \u00e9coles d\u2019ici et d\u2019ailleurs, Pendant que les \u00e9tudiants r\u00e9fl\u00e9chissaient, Les uns, sur la loi applicable...<\/p><\/div><\/div><div class=\"wpr-grid-item-read-more elementor-repeater-item-dc1027d wpr-grid-item-display-block wpr-grid-item-align-left\"><div class=\"inner-block\"><a target=\"_self\" href=\"https:\/\/chaire.kasdigit.com\/index.php\/2023\/04\/18\/appel-a-candidaturehommage-a-un-maitre-professeur-noel-a-gbaguidi-puisque-cest-de-lui-quil-sagitappel-a-candidature\/\" class=\"wpr-button-effect wpr-button-none\"><span class=\"wpr-grid-extra-icon-left\"><svg aria-hidden=\"true\" class=\"e-font-icon-svg e-fas-external-link-alt\" viewBox=\"0 0 512 512\" xmlns=\"http:\/\/www.w3.org\/2000\/svg\"><path d=\"M432,320H400a16,16,0,0,0-16,16V448H64V128H208a16,16,0,0,0,16-16V80a16,16,0,0,0-16-16H48A48,48,0,0,0,0,112V464a48,48,0,0,0,48,48H400a48,48,0,0,0,48-48V336A16,16,0,0,0,432,320ZM488,0h-128c-21.37,0-32.05,25.91-17,41l35.73,35.73L135,320.37a24,24,0,0,0,0,34L157.67,377a24,24,0,0,0,34,0L435.28,133.32,471,169c15,15,41,4.5,41-17V24A24,24,0,0,0,488,0Z\"><\/path><\/svg><\/span><span>Read Full Story...<\/span><\/a><\/div><\/div><\/div><\/div><\/article><article class=\"wpr-grid-item elementor-clearfix post-1014 post type-post status-publish format-standard has-post-thumbnail hentry category-non-classe\"><div class=\"wpr-grid-item-inner\"><div class=\"wpr-grid-item-above-content elementor-clearfix\"><h2 class=\"wpr-grid-item-title elementor-repeater-item-04b0433 wpr-grid-item-display-block wpr-grid-item-align-left wpr-pointer-none wpr-pointer-line-fx wpr-pointer-fx-fade\"><div class=\"inner-block\"><a target=\"_self\"  href=\"https:\/\/chaire.kasdigit.com\/index.php\/2023\/01\/16\/rbsja-semestre-2-2022-article-dr-gounou-abdoulaye\/\">RBSJA SEMESTRE 2 2022 Article Dr. GOUNOU ABDOULAYE<\/a><\/div><\/h2><\/div><div class=\"wpr-grid-media-wrap wpr-effect-size-medium \" data-overlay-link=\"yes\"><div class=\"wpr-grid-image-wrap\" data-src=\"https:\/\/chaire.kasdigit.com\/wp-content\/uploads\/elementor\/thumbs\/RBSJA-45-682x450-1-rjq96aq16t67sz2vg2d7xlvawhi97zm2550aectymg.jpg\" data-img-on-hover=\"\"  data-src-secondary=\"\"><img decoding=\"async\" data-no-lazy=\"1\" src=\"https:\/\/chaire.kasdigit.com\/wp-content\/uploads\/elementor\/thumbs\/RBSJA-45-682x450-1-rjq96aq16t67sz2vg2d7xlvawhi97zm2550aectymg.jpg\" alt=\"RBSJA SEMESTRE 2 2022 Article Dr. GOUNOU ABDOULAYE\" class=\"wpr-anim-timing-ease-default\"><\/div><div class=\"wpr-grid-media-hover wpr-animation-wrap\"><div class=\"wpr-grid-media-hover-bg  wpr-overlay-fade-in wpr-anim-size-large wpr-anim-timing-ease-default wpr-anim-transparency\" data-url=\"https:\/\/chaire.kasdigit.com\/index.php\/2023\/01\/16\/rbsja-semestre-2-2022-article-dr-gounou-abdoulaye\/\"><\/div><div class=\"wpr-cv-container\"><div class=\"wpr-cv-outer\"><div class=\"wpr-cv-inner\"><div class=\"wpr-grid-media-hover-middle elementor-clearfix\"><div class=\"wpr-grid-item-lightbox elementor-repeater-item-8944abd wpr-grid-item-display-block wpr-grid-item-align-center wpr-element-fade-in wpr-anim-size-large wpr-anim-timing-ease-default wpr-anim-transparency\"><div class=\"inner-block\"><span data-src=\"https:\/\/chaire.kasdigit.com\/wp-content\/uploads\/2024\/05\/RBSJA-45-682x450-1.jpg\"><i class=\"fas fa-search\"><\/i><\/span><div class=\"wpr-grid-lightbox-overlay\"><\/div><\/div><\/div><\/div><\/div><\/div><\/div><\/div><\/div><div class=\"wpr-grid-item-below-content elementor-clearfix\"><div class=\"wpr-grid-item-category elementor-repeater-item-66ca227 wpr-grid-item-display-block wpr-grid-item-align-left wpr-pointer-none wpr-pointer-line-fx wpr-pointer-fx-fade wpr-grid-tax-style-1\"><div class=\"inner-block\"><a class=\" wpr-tax-id-1\" href=\"https:\/\/chaire.kasdigit.com\/index.php\/category\/non-classe\/\">Non class\u00e9<\/a><\/div><\/div><div class=\"wpr-grid-item-excerpt elementor-repeater-item-5241605 wpr-grid-item-display-block wpr-grid-item-align-left\"><div class=\"inner-block\"><p>SALIFOU41IntroductionDans un article au titre \u00e9vocateur, au sujet des r\u00e9formes constitutionnelles en Afrique, Th\u00e9odore HOLO faisait d\u00e9j\u00e0 le constat alarmant...<\/p><\/div><\/div><div class=\"wpr-grid-item-read-more elementor-repeater-item-dc1027d wpr-grid-item-display-block wpr-grid-item-align-left\"><div class=\"inner-block\"><a target=\"_self\" href=\"https:\/\/chaire.kasdigit.com\/index.php\/2023\/01\/16\/rbsja-semestre-2-2022-article-dr-gounou-abdoulaye\/\" class=\"wpr-button-effect wpr-button-none\"><span class=\"wpr-grid-extra-icon-left\"><svg aria-hidden=\"true\" class=\"e-font-icon-svg e-fas-external-link-alt\" viewBox=\"0 0 512 512\" xmlns=\"http:\/\/www.w3.org\/2000\/svg\"><path d=\"M432,320H400a16,16,0,0,0-16,16V448H64V128H208a16,16,0,0,0,16-16V80a16,16,0,0,0-16-16H48A48,48,0,0,0,0,112V464a48,48,0,0,0,48,48H400a48,48,0,0,0,48-48V336A16,16,0,0,0,432,320ZM488,0h-128c-21.37,0-32.05,25.91-17,41l35.73,35.73L135,320.37a24,24,0,0,0,0,34L157.67,377a24,24,0,0,0,34,0L435.28,133.32,471,169c15,15,41,4.5,41-17V24A24,24,0,0,0,488,0Z\"><\/path><\/svg><\/span><span>Read Full Story...<\/span><\/a><\/div><\/div><\/div><\/div><\/article><article class=\"wpr-grid-item elementor-clearfix post-1009 post type-post status-publish format-standard has-post-thumbnail hentry category-non-classe\"><div class=\"wpr-grid-item-inner\"><div class=\"wpr-grid-item-above-content elementor-clearfix\"><h2 class=\"wpr-grid-item-title elementor-repeater-item-04b0433 wpr-grid-item-display-block wpr-grid-item-align-left wpr-pointer-none wpr-pointer-line-fx wpr-pointer-fx-fade\"><div class=\"inner-block\"><a target=\"_self\"  href=\"https:\/\/chaire.kasdigit.com\/index.php\/2023\/01\/16\/revue-beninoise-des-sciences-juridiques-et-administratives-n43\/\">REVUE BENINOISE DES SCIENCES JURIDIQUES ET ADMINISTRATIVES N\u00b043<\/a><\/div><\/h2><\/div><div class=\"wpr-grid-media-wrap wpr-effect-size-medium \" data-overlay-link=\"yes\"><div class=\"wpr-grid-image-wrap\" data-src=\"https:\/\/chaire.kasdigit.com\/wp-content\/uploads\/elementor\/thumbs\/RBSJA-45-682x450-1-rjq96aq16t67sz2vg2d7xlvawhi97zm2550aectymg.jpg\" data-img-on-hover=\"\"  data-src-secondary=\"\"><img decoding=\"async\" data-no-lazy=\"1\" src=\"https:\/\/chaire.kasdigit.com\/wp-content\/uploads\/elementor\/thumbs\/RBSJA-45-682x450-1-rjq96aq16t67sz2vg2d7xlvawhi97zm2550aectymg.jpg\" alt=\"REVUE BENINOISE DES SCIENCES JURIDIQUES ET ADMINISTRATIVES N\u00b043\" class=\"wpr-anim-timing-ease-default\"><\/div><div class=\"wpr-grid-media-hover wpr-animation-wrap\"><div class=\"wpr-grid-media-hover-bg  wpr-overlay-fade-in wpr-anim-size-large wpr-anim-timing-ease-default wpr-anim-transparency\" data-url=\"https:\/\/chaire.kasdigit.com\/index.php\/2023\/01\/16\/revue-beninoise-des-sciences-juridiques-et-administratives-n43\/\"><\/div><div class=\"wpr-cv-container\"><div class=\"wpr-cv-outer\"><div class=\"wpr-cv-inner\"><div class=\"wpr-grid-media-hover-middle elementor-clearfix\"><div class=\"wpr-grid-item-lightbox elementor-repeater-item-8944abd wpr-grid-item-display-block wpr-grid-item-align-center wpr-element-fade-in wpr-anim-size-large wpr-anim-timing-ease-default wpr-anim-transparency\"><div class=\"inner-block\"><span data-src=\"https:\/\/chaire.kasdigit.com\/wp-content\/uploads\/2024\/05\/RBSJA-45-682x450-1.jpg\"><i class=\"fas fa-search\"><\/i><\/span><div class=\"wpr-grid-lightbox-overlay\"><\/div><\/div><\/div><\/div><\/div><\/div><\/div><\/div><\/div><div class=\"wpr-grid-item-below-content elementor-clearfix\"><div class=\"wpr-grid-item-category elementor-repeater-item-66ca227 wpr-grid-item-display-block wpr-grid-item-align-left wpr-pointer-none wpr-pointer-line-fx wpr-pointer-fx-fade wpr-grid-tax-style-1\"><div class=\"inner-block\"><a class=\" wpr-tax-id-1\" href=\"https:\/\/chaire.kasdigit.com\/index.php\/category\/non-classe\/\">Non class\u00e9<\/a><\/div><\/div><div class=\"wpr-grid-item-excerpt elementor-repeater-item-5241605 wpr-grid-item-display-block wpr-grid-item-align-left\"><div class=\"inner-block\"><p>Dans un monde r\u00e9gi par les principes de la souverainet\u00e9 nationale et de la non ing\u00e9rence dans les affaires int\u00e9rieures...<\/p><\/div><\/div><div class=\"wpr-grid-item-read-more elementor-repeater-item-dc1027d wpr-grid-item-display-block wpr-grid-item-align-left\"><div class=\"inner-block\"><a target=\"_self\" href=\"https:\/\/chaire.kasdigit.com\/index.php\/2023\/01\/16\/revue-beninoise-des-sciences-juridiques-et-administratives-n43\/\" class=\"wpr-button-effect wpr-button-none\"><span class=\"wpr-grid-extra-icon-left\"><svg aria-hidden=\"true\" class=\"e-font-icon-svg e-fas-external-link-alt\" viewBox=\"0 0 512 512\" xmlns=\"http:\/\/www.w3.org\/2000\/svg\"><path d=\"M432,320H400a16,16,0,0,0-16,16V448H64V128H208a16,16,0,0,0,16-16V80a16,16,0,0,0-16-16H48A48,48,0,0,0,0,112V464a48,48,0,0,0,48,48H400a48,48,0,0,0,48-48V336A16,16,0,0,0,432,320ZM488,0h-128c-21.37,0-32.05,25.91-17,41l35.73,35.73L135,320.37a24,24,0,0,0,0,34L157.67,377a24,24,0,0,0,34,0L435.28,133.32,471,169c15,15,41,4.5,41-17V24A24,24,0,0,0,488,0Z\"><\/path><\/svg><\/span><span>Read Full Story...<\/span><\/a><\/div><\/div><\/div><\/div><\/article><article class=\"wpr-grid-item elementor-clearfix post-1008 post type-post status-publish format-standard has-post-thumbnail hentry category-non-classe\"><div class=\"wpr-grid-item-inner\"><div class=\"wpr-grid-item-above-content elementor-clearfix\"><h2 class=\"wpr-grid-item-title elementor-repeater-item-04b0433 wpr-grid-item-display-block wpr-grid-item-align-left wpr-pointer-none wpr-pointer-line-fx wpr-pointer-fx-fade\"><div class=\"inner-block\"><a target=\"_self\"  href=\"https:\/\/chaire.kasdigit.com\/index.php\/2023\/01\/16\/le-peuple-et-la-foule-en-droit-constitutionnel\/\">LE PEUPLE ET LA FOULE EN DROIT CONSTITUTIONNEL<\/a><\/div><\/h2><\/div><div class=\"wpr-grid-media-wrap wpr-effect-size-medium \" data-overlay-link=\"yes\"><div class=\"wpr-grid-image-wrap\" data-src=\"https:\/\/chaire.kasdigit.com\/wp-content\/uploads\/elementor\/thumbs\/Capture-4-rjq96aq16t67sz2vg2d7xlvawhi97zm2550aectymg.png\" data-img-on-hover=\"\"  data-src-secondary=\"\"><img decoding=\"async\" data-no-lazy=\"1\" src=\"https:\/\/chaire.kasdigit.com\/wp-content\/uploads\/elementor\/thumbs\/Capture-4-rjq96aq16t67sz2vg2d7xlvawhi97zm2550aectymg.png\" alt=\"LE PEUPLE ET LA FOULE EN DROIT CONSTITUTIONNEL\" class=\"wpr-anim-timing-ease-default\"><\/div><div class=\"wpr-grid-media-hover wpr-animation-wrap\"><div class=\"wpr-grid-media-hover-bg  wpr-overlay-fade-in wpr-anim-size-large wpr-anim-timing-ease-default wpr-anim-transparency\" data-url=\"https:\/\/chaire.kasdigit.com\/index.php\/2023\/01\/16\/le-peuple-et-la-foule-en-droit-constitutionnel\/\"><\/div><div class=\"wpr-cv-container\"><div class=\"wpr-cv-outer\"><div class=\"wpr-cv-inner\"><div class=\"wpr-grid-media-hover-middle elementor-clearfix\"><div class=\"wpr-grid-item-lightbox elementor-repeater-item-8944abd wpr-grid-item-display-block wpr-grid-item-align-center wpr-element-fade-in wpr-anim-size-large wpr-anim-timing-ease-default wpr-anim-transparency\"><div class=\"inner-block\"><span data-src=\"https:\/\/chaire.kasdigit.com\/wp-content\/uploads\/2024\/05\/Capture-4.png\"><i class=\"fas fa-search\"><\/i><\/span><div class=\"wpr-grid-lightbox-overlay\"><\/div><\/div><\/div><\/div><\/div><\/div><\/div><\/div><\/div><div class=\"wpr-grid-item-below-content elementor-clearfix\"><div class=\"wpr-grid-item-category elementor-repeater-item-66ca227 wpr-grid-item-display-block wpr-grid-item-align-left wpr-pointer-none wpr-pointer-line-fx wpr-pointer-fx-fade wpr-grid-tax-style-1\"><div class=\"inner-block\"><a class=\" wpr-tax-id-1\" href=\"https:\/\/chaire.kasdigit.com\/index.php\/category\/non-classe\/\">Non class\u00e9<\/a><\/div><\/div><div class=\"wpr-grid-item-excerpt elementor-repeater-item-5241605 wpr-grid-item-display-block wpr-grid-item-align-left\"><div class=\"inner-block\"><p>\u00ab Souvent, la foule trahit le peuple \u00bb, pr\u00e9venait Victor Hugo en 1870. Et le constat est l\u00e0. Le monde...<\/p><\/div><\/div><div class=\"wpr-grid-item-read-more elementor-repeater-item-dc1027d wpr-grid-item-display-block wpr-grid-item-align-left\"><div class=\"inner-block\"><a target=\"_self\" href=\"https:\/\/chaire.kasdigit.com\/index.php\/2023\/01\/16\/le-peuple-et-la-foule-en-droit-constitutionnel\/\" class=\"wpr-button-effect wpr-button-none\"><span class=\"wpr-grid-extra-icon-left\"><svg aria-hidden=\"true\" class=\"e-font-icon-svg e-fas-external-link-alt\" viewBox=\"0 0 512 512\" xmlns=\"http:\/\/www.w3.org\/2000\/svg\"><path d=\"M432,320H400a16,16,0,0,0-16,16V448H64V128H208a16,16,0,0,0,16-16V80a16,16,0,0,0-16-16H48A48,48,0,0,0,0,112V464a48,48,0,0,0,48,48H400a48,48,0,0,0,48-48V336A16,16,0,0,0,432,320ZM488,0h-128c-21.37,0-32.05,25.91-17,41l35.73,35.73L135,320.37a24,24,0,0,0,0,34L157.67,377a24,24,0,0,0,34,0L435.28,133.32,471,169c15,15,41,4.5,41-17V24A24,24,0,0,0,488,0Z\"><\/path><\/svg><\/span><span>Read Full Story...<\/span><\/a><\/div><\/div><\/div><\/div><\/article><\/section><div class=\"wpr-grid-pagination elementor-clearfix wpr-grid-pagination-load-more\"><a href=\"https:\/\/chaire.kasdigit.com\/index.php\/wp-json\/wp\/v2\/pages\/364\/page\/2\/\" class=\"wpr-load-more-btn\" data-e-disable-page-transition >Load More<\/a><div class=\"wpr-pagination-loading\"><div class=\"wpr-double-bounce\"><div class=\"wpr-child wpr-double-bounce1\"><\/div><div class=\"wpr-child wpr-double-bounce2\"><\/div><\/div><\/div><p class=\"wpr-pagination-finish\">End of Content.<\/p><\/div>\t\t\t\t<\/div>\n\t\t\t\t<\/div>\n\t\t\t\t\t<\/div>\n\t\t<\/div>\n\t\t\t\t\t<\/div>\n\t\t<\/section>\n\t\t\t\t<\/div>\n\t\t","protected":false},"excerpt":{"rendered":"<p>Nos parutions All Non class\u00e9 Bonjour tout le monde\u00a0! Non class\u00e9 Bienvenue sur WordPress. Ceci est votre premier article. Modifiez-le ou supprimez-le, puis commencez \u00e0 \u00e9crire\u00a0! Read Full Story&#8230; La Chaire UNESCO des Droits de la Personne Humaine et de la D\u00e9mocratie (Chaire UNESCO DPHD) de l\u2019Universit\u00e9 d\u2019 Abomey-Calavi\u2026 Non class\u00e9 Peuvent faire acte de candidature les titulaires d\u2019une Ma\u00eetrise ou d\u2019un dipl\u00f4me \u00e9quivalent en Sciences Juridiques, Administratives et Politiques, Sociologie,\u2026 Read Full Story&#8230; Colloque portant sur \u00ab Etudes de Droit et employabilit\u00e9 \u00bb Non class\u00e9 A l\u2019occasion du colloque portant sur \u00ab \u00c9tudes de Droit et employabilit\u00e9 \u00bb organis\u00e9 par la Chaire Unesco des Droits\u2026 Read Full Story&#8230; Appel \u00e0 candidature Non class\u00e9 Appel \u00e0 communication Read Full Story&#8230; Appel \u00e0 candidatureHOMMAGE A UN MA\u00ceTRE, PROFESSEUR NO\u00cbL A. GBAGUIDI, puisque c\u2019est de lui qu\u2019il s\u2019agitAppel \u00e0 candidature Non class\u00e9 Dans\u00a0les amphis des facult\u00e9s et \u00e9coles d\u2019ici et d\u2019ailleurs, Pendant que les \u00e9tudiants r\u00e9fl\u00e9chissaient, Les uns, sur la loi applicable\u2026 Read Full Story&#8230; RBSJA SEMESTRE 2 2022 Article Dr. GOUNOU ABDOULAYE Non class\u00e9 SALIFOU41IntroductionDans un article au titre \u00e9vocateur, au sujet des r\u00e9formes constitutionnelles en Afrique, Th\u00e9odore HOLO faisait d\u00e9j\u00e0 le constat alarmant\u2026 Read Full Story&#8230; REVUE BENINOISE DES SCIENCES JURIDIQUES ET ADMINISTRATIVES N\u00b043 Non class\u00e9 Dans un monde r\u00e9gi par les principes de la souverainet\u00e9 nationale et de la non ing\u00e9rence dans les affaires int\u00e9rieures\u2026 Read Full Story&#8230; LE PEUPLE ET LA FOULE EN DROIT CONSTITUTIONNEL Non class\u00e9 \u00ab Souvent, la foule trahit le peuple \u00bb, pr\u00e9venait Victor Hugo en 1870. Et le constat est l\u00e0. Le monde\u2026 Read Full Story&#8230; GOUGBEDJI article les mutations Non class\u00e9 \u00ab La plupart des grandes r\u00e9formes politiques ou sociales ont eu des causesfinanci\u00e8res \u00bb. L\u2019un des points critiques de la\u2026 Read Full Story&#8230; Load More End of Content.<\/p>\n","protected":false},"author":1,"featured_media":0,"parent":0,"menu_order":0,"comment_status":"closed","ping_status":"closed","template":"","meta":{"_eb_attr":"","site-sidebar-layout":"no-sidebar","site-content-layout":"","ast-site-content-layout":"full-width-container","site-content-style":"default","site-sidebar-style":"default","ast-global-header-display":"","ast-banner-title-visibility":"","ast-main-header-display":"","ast-hfb-above-header-display":"","ast-hfb-below-header-display":"","ast-hfb-mobile-header-display":"","site-post-title":"disabled","ast-breadcrumbs-content":"","ast-featured-img":"disabled","footer-sml-layout":"","theme-transparent-header-meta":"","adv-header-id-meta":"","stick-header-meta":"","header-above-stick-meta":"","header-main-stick-meta":"","header-below-stick-meta":"","astra-migrate-meta-layouts":"default","ast-page-background-enabled":"default","ast-page-background-meta":{"desktop":{"background-color":"var(--ast-global-color-4)","background-image":"","background-repeat":"repeat","background-position":"center center","background-size":"auto","background-attachment":"scroll","background-type":"","background-media":"","overlay-type":"","overlay-color":"","overlay-opacity":"","overlay-gradient":""},"tablet":{"background-color":"","background-image":"","background-repeat":"repeat","background-position":"center center","background-size":"auto","background-attachment":"scroll","background-type":"","background-media":"","overlay-type":"","overlay-color":"","overlay-opacity":"","overlay-gradient":""},"mobile":{"background-color":"","background-image":"","background-repeat":"repeat","background-position":"center center","background-size":"auto","background-attachment":"scroll","background-type":"","background-media":"","overlay-type":"","overlay-color":"","overlay-opacity":"","overlay-gradient":""}},"ast-content-background-meta":{"desktop":{"background-color":"var(--ast-global-color-5)","background-image":"","background-repeat":"repeat","background-position":"center center","background-size":"auto","background-attachment":"scroll","background-type":"","background-media":"","overlay-type":"","overlay-color":"","overlay-opacity":"","overlay-gradient":""},"tablet":{"background-color":"var(--ast-global-color-5)","background-image":"","background-repeat":"repeat","background-position":"center center","background-size":"auto","background-attachment":"scroll","background-type":"","background-media":"","overlay-type":"","overlay-color":"","overlay-opacity":"","overlay-gradient":""},"mobile":{"background-color":"var(--ast-global-color-5)","background-image":"","background-repeat":"repeat","background-position":"center center","background-size":"auto","background-attachment":"scroll","background-type":"","background-media":"","overlay-type":"","overlay-color":"","overlay-opacity":"","overlay-gradient":""}},"footnotes":""},"class_list":["post-364","page","type-page","status-publish","hentry"],"_links":{"self":[{"href":"https:\/\/chaire.kasdigit.com\/index.php\/wp-json\/wp\/v2\/pages\/364","targetHints":{"allow":["GET"]}}],"collection":[{"href":"https:\/\/chaire.kasdigit.com\/index.php\/wp-json\/wp\/v2\/pages"}],"about":[{"href":"https:\/\/chaire.kasdigit.com\/index.php\/wp-json\/wp\/v2\/types\/page"}],"author":[{"embeddable":true,"href":"https:\/\/chaire.kasdigit.com\/index.php\/wp-json\/wp\/v2\/users\/1"}],"replies":[{"embeddable":true,"href":"https:\/\/chaire.kasdigit.com\/index.php\/wp-json\/wp\/v2\/comments?post=364"}],"version-history":[{"count":22,"href":"https:\/\/chaire.kasdigit.com\/index.php\/wp-json\/wp\/v2\/pages\/364\/revisions"}],"predecessor-version":[{"id":1272,"href":"https:\/\/chaire.kasdigit.com\/index.php\/wp-json\/wp\/v2\/pages\/364\/revisions\/1272"}],"wp:attachment":[{"href":"https:\/\/chaire.kasdigit.com\/index.php\/wp-json\/wp\/v2\/media?parent=364"}],"curies":[{"name":"wp","href":"https:\/\/api.w.org\/{rel}","templated":true}]}}